{"id":326,"date":"2020-10-15T11:14:34","date_gmt":"2020-10-15T11:14:34","guid":{"rendered":"https:\/\/www.sua.no\/v2\/?page_id=326"},"modified":"2025-10-31T11:10:14","modified_gmt":"2025-10-31T11:10:14","slug":"informacje-dla-pracodawcow","status":"publish","type":"page","link":"https:\/\/www.sua.no\/pl\/informasjon-til-arbeidsgivere\/","title":{"rendered":"Informacje dla pracodawc\u00f3w"},"content":{"rendered":"\n[et_pb_section fb_built=&raquo;1&#8243; custom_padding_last_edited=&raquo;on|tablet&raquo; _builder_version=&raquo;4.27.4&#8243; _module_preset=&raquo;default&raquo; custom_padding=&raquo;||||false|false&raquo; custom_padding_tablet=&raquo;0px||||false|false&raquo; custom_padding_phone=&raquo;&raquo; global_colors_info=&raquo;{}&raquo;][et_pb_row custom_padding_last_edited=&raquo;on|tablet&raquo; module_class=&raquo;artikkelside-column&raquo; _builder_version=&raquo;4.27.4&#8243; _module_preset=&raquo;default&raquo; width=&raquo;100%&raquo; max_width=&raquo;550px&raquo; custom_margin=&raquo;|auto|2px|auto||&raquo; custom_padding_tablet=&raquo;|16px||16px|false|false&raquo; custom_padding_phone=&raquo;|16px||16px|false|false&raquo; global_colors_info=&raquo;{}&raquo;][et_pb_column type=&raquo;4_4&#8243; _builder_version=&raquo;4.16&#8243; _module_preset=&raquo;default&raquo; global_colors_info=&raquo;{}&raquo;][et_pb_code _builder_version=&raquo;4.27.4&#8243; _module_preset=&raquo;default&raquo; global_colors_info=&raquo;{}&raquo;]<nav aria-label=\"br\u00f8dsmulesti\"><span><span><a href=\"https:\/\/www.sua.no\/\">Forside<\/a><\/span><\/span><\/nav>[\/et_pb_code][et_pb_text _builder_version=&raquo;4.16&#8243; _module_preset=&raquo;default&raquo; header_line_height=&raquo;1.2em&raquo; custom_margin=&raquo;||||false|false&raquo; custom_margin_tablet=&raquo;&raquo; custom_margin_phone=&raquo;||16px||false|false&raquo; custom_margin_last_edited=&raquo;on|phone&raquo; header_font_size_tablet=&raquo;&raquo; header_font_size_phone=&raquo;24px&raquo; header_font_size_last_edited=&raquo;on|phone&raquo; global_colors_info=&raquo;{}&raquo;]<h1><strong>Slik kan du hjelpe de utenlandske arbeidstakerne dine<\/strong><\/h1>[\/et_pb_text][et_pb_text module_class=&raquo;ingress&raquo; _builder_version=&raquo;4.27.4&#8243; _module_preset=&raquo;default&raquo; header_2_text_color=&raquo;#000000&#8243; header_2_font_size=&raquo;20px&raquo; header_2_line_height=&raquo;1.2em&raquo; custom_margin=&raquo;||0px||false|false&raquo; custom_padding=&raquo;||0px||false|false&raquo; header_2_font_size_tablet=&raquo;&raquo; header_2_font_size_phone=&raquo;18px&raquo; header_2_font_size_last_edited=&raquo;on|phone&raquo; global_colors_info=&raquo;{}&raquo;]<p>Det kan v\u00e6re vanskelig for utenlandske arbeidstakere \u00e5 forst\u00e5 hva de m\u00e5 gj\u00f8re for \u00e5 kunne jobbe i Norge. Som arbeidsgiver kan du v\u00e6re en god st\u00f8ttespiller.<\/p>[\/et_pb_text][et_pb_text module_class=&raquo;artikkelside-text&raquo; _builder_version=&raquo;4.27.4&#8243; _module_preset=&raquo;default&raquo; text_line_height=&raquo;1.5em&raquo; header_3_font=&raquo;|700|||||||&raquo; header_3_line_height=&raquo;1.2em&raquo; custom_margin_tablet=&raquo;&raquo; custom_margin_phone=&raquo;0px||0px||false|false&raquo; custom_margin_last_edited=&raquo;on|phone&raquo; custom_padding=&raquo;8px||12px||false|false&raquo; custom_padding_tablet=&raquo;&raquo; custom_padding_phone=&raquo;8px||12px||false|false&raquo; custom_padding_last_edited=&raquo;on|phone&raquo; header_3_font_size_tablet=&raquo;&raquo; header_3_font_size_phone=&raquo;20px&raquo; header_3_font_size_last_edited=&raquo;on|phone&raquo; global_colors_info=&raquo;{}&raquo;]<h2>S\u00f8k om oppholdstillatelse<\/h2>\n<p>\nI Oslo, Stavanger, Bergen Trondheim og Kirkenes kan du s\u00f8ke om oppholdstillatelse digitalt for arbeidstakere fra land utenfor EU\/E\u00d8S. Det gjelder for fagl\u00e6rte, tjenesteytere og sesongarbeidere, samt ektefeller, samboere og barn av fagl\u00e6rte og tjenesteytere.\n\nHvis arbeidstakeren har s\u00f8kt om oppholdstillatelse selv, m\u00e5 du passe p\u00e5 at de har en gyldig tillatelse.\n<\/p>[\/et_pb_text][\/et_pb_column][\/et_pb_row][et_pb_row custom_padding_last_edited=&raquo;on|phone&raquo; module_class=&raquo;artikkelside-column&raquo; _builder_version=&raquo;4.27.4&#8243; _module_preset=&raquo;default&raquo; width_tablet=&raquo;&raquo; width_phone=&raquo;100%&raquo; width_last_edited=&raquo;on|phone&raquo; max_width=&raquo;550px&raquo; custom_margin=&raquo;||||false|false&raquo; custom_padding=&raquo;0px||0px||false|false&raquo; custom_padding_tablet=&raquo;&raquo; custom_padding_phone=&raquo;|16px||16px|false|false&raquo; global_colors_info=&raquo;{}&raquo;][et_pb_column type=&raquo;4_4&#8243; _builder_version=&raquo;4.16&#8243; _module_preset=&raquo;default&raquo; global_colors_info=&raquo;{}&raquo;][et_pb_toggle title=&raquo;Slik s\u00f8ker du om oppholdstillatelse i Oslo&raquo; icon_color=&raquo;#114462&#8243; use_icon_font_size=&raquo;on&raquo; icon_font_size=&raquo;28px&raquo; open_icon_color=&raquo;#114462&#8243; open_use_icon_font_size=&raquo;on&raquo; open_icon_font_size=&raquo;28px&raquo; module_class=&raquo;custom-icon artikkelside-text faktaboks-dropdown&raquo; _builder_version=&raquo;4.27.4&#8243; _module_preset=&raquo;default&raquo; title_level=&raquo;h3&#8243; title_font=&raquo;|700|||||||&raquo; body_text_color=&raquo;#2b2e34&#8243; background_color=&raquo;#ffffff&raquo; custom_padding=&raquo;||20px||false|false&raquo; global_colors_info=&raquo;{}&raquo; open_toggle_text_color__hover_enabled=&raquo;on|hover&raquo; open_toggle_text_color__hover=&raquo;#0D739C&raquo; title_text_color__hover_enabled=&raquo;on|hover&raquo; title_text_color__hover=&raquo;#0D739C&raquo; closed_toggle_text_color__hover_enabled=&raquo;on|hover&raquo; closed_toggle_text_color__hover=&raquo;#0D739C&raquo;]<p>Registrer en s\u00f8knad i <a href=\"https:\/\/udi.no\/min-side\" target=\"_blank\" rel=\"noopener\">UDI sin S\u00f8knadsportal<\/a>, velg Oslo som oppm\u00f8tested og betal gebyret.<\/p>\n<p>Fyll ut skjemaet <a href=\"https:\/\/www.sua.no\/wp-content\/uploads\/2025\/10\/Digital-soknadsinnlevering-Oslo-2025.pdf\" target=\"_blank\" rel=\"noopener\">Digital s\u00f8knadsinnlevering \u2013 fullmektig<\/a> og send til <a href=\"mailto:osloFUFfullmakt-arbeid@politiet.no\">osloFUFfullmakt-arbeid@politiet.no<\/a>.<\/p>[\/et_pb_toggle][et_pb_code _builder_version=&raquo;4.16&#8243; _module_preset=&raquo;default&raquo; global_colors_info=&raquo;{}&raquo;]<style><!-- [et_pb_line_break_holder] -->  .custom-icon .et_pb_toggle_title:before {<!-- [et_pb_line_break_holder] -->    content: \"\\33\";<!-- [et_pb_line_break_holder] -->  \ttransition: all .3s ease-in-out;<!-- [et_pb_line_break_holder] -->  }<!-- [et_pb_line_break_holder] -->  .custom-icon.et_pb_toggle_open .et_pb_toggle_title:before {<!-- [et_pb_line_break_holder] -->   content: \"\\33\";<!-- [et_pb_line_break_holder] -->    transform: rotate(180deg)<!-- [et_pb_line_break_holder] -->  }<!-- [et_pb_line_break_holder] --><\/style>[\/et_pb_code][\/et_pb_column][\/et_pb_row][et_pb_row custom_padding_last_edited=&raquo;on|phone&raquo; module_class=&raquo;artikkelside-column&raquo; _builder_version=&raquo;4.27.4&#8243; _module_preset=&raquo;default&raquo; width_tablet=&raquo;&raquo; width_phone=&raquo;100%&raquo; width_last_edited=&raquo;on|phone&raquo; max_width=&raquo;550px&raquo; custom_margin=&raquo;||||false|false&raquo; custom_padding=&raquo;0px||0px||false|false&raquo; custom_padding_tablet=&raquo;&raquo; custom_padding_phone=&raquo;|16px||16px|false|false&raquo; global_colors_info=&raquo;{}&raquo;][et_pb_column type=&raquo;4_4&#8243; _builder_version=&raquo;4.16&#8243; _module_preset=&raquo;default&raquo; global_colors_info=&raquo;{}&raquo;][et_pb_toggle title=&raquo;Slik s\u00f8ker du om oppholdstillatelse i Stavanger&raquo; icon_color=&raquo;#114462&#8243; use_icon_font_size=&raquo;on&raquo; icon_font_size=&raquo;28px&raquo; open_icon_color=&raquo;#114462&#8243; open_use_icon_font_size=&raquo;on&raquo; open_icon_font_size=&raquo;28px&raquo; module_class=&raquo;custom-icon artikkelside-text faktaboks-dropdown&raquo; _builder_version=&raquo;4.27.4&#8243; _module_preset=&raquo;default&raquo; title_level=&raquo;h3&#8243; title_font=&raquo;|700|||||||&raquo; body_text_color=&raquo;#2b2e34&#8243; background_color=&raquo;#ffffff&raquo; custom_padding=&raquo;||20px||false|false&raquo; hover_enabled=&raquo;0&#8243; global_colors_info=&raquo;{}&raquo; open_toggle_text_color__hover_enabled=&raquo;on|hover&raquo; open_toggle_text_color__hover=&raquo;#0D739C&raquo; title_text_color__hover_enabled=&raquo;on|hover&raquo; title_text_color__hover=&raquo;#0D739C&raquo; closed_toggle_text_color__hover_enabled=&raquo;on|hover&raquo; closed_toggle_text_color__hover=&raquo;#0D739C&raquo; sticky_enabled=&raquo;0&#8243;]<p>Registrer en s\u00f8knad i <a href=\"https:\/\/udi.no\/min-side\" target=\"_blank\" rel=\"noopener\">UDI sin S\u00f8knadsportal<\/a>, velg Stavanger som oppm\u00f8tested og betal gebyret.<\/p>\n<p>Fyll ut skjemaet <a href=\"https:\/\/www.sua.no\/wp-content\/uploads\/2025\/10\/Digital-soknadsinnlevering-Stavanger-2025.pdf\" target=\"_blank\" rel=\"noopener\">Digital s\u00f8knadsinnlevering \u2013 fullmektig<\/a> og send til <a href=\"mailto:stavanger.fuf.sua@politiet.no\">stavanger.fuf.sua@politiet.no<\/a>.<\/p>[\/et_pb_toggle][et_pb_code _builder_version=&raquo;4.16&#8243; _module_preset=&raquo;default&raquo; global_colors_info=&raquo;{}&raquo;]<style><!-- [et_pb_line_break_holder] -->  .custom-icon .et_pb_toggle_title:before {<!-- [et_pb_line_break_holder] -->    content: \"\\33\";<!-- [et_pb_line_break_holder] -->  \ttransition: all .3s ease-in-out;<!-- [et_pb_line_break_holder] -->  }<!-- [et_pb_line_break_holder] -->  .custom-icon.et_pb_toggle_open .et_pb_toggle_title:before {<!-- [et_pb_line_break_holder] -->   content: \"\\33\";<!-- [et_pb_line_break_holder] -->    transform: rotate(180deg)<!-- [et_pb_line_break_holder] -->  }<!-- [et_pb_line_break_holder] --><\/style>[\/et_pb_code][\/et_pb_column][\/et_pb_row][et_pb_row custom_padding_last_edited=&raquo;on|phone&raquo; module_class=&raquo;artikkelside-column&raquo; _builder_version=&raquo;4.27.4&#8243; _module_preset=&raquo;default&raquo; width_tablet=&raquo;&raquo; width_phone=&raquo;100%&raquo; width_last_edited=&raquo;on|phone&raquo; max_width=&raquo;550px&raquo; custom_margin=&raquo;||||false|false&raquo; custom_padding=&raquo;0px||0px||false|false&raquo; custom_padding_tablet=&raquo;&raquo; custom_padding_phone=&raquo;|16px||16px|false|false&raquo; global_colors_info=&raquo;{}&raquo;][et_pb_column type=&raquo;4_4&#8243; _builder_version=&raquo;4.16&#8243; _module_preset=&raquo;default&raquo; global_colors_info=&raquo;{}&raquo;][et_pb_toggle title=&raquo;Slik s\u00f8ker du om oppholdstillatelse i Bergen&raquo; icon_color=&raquo;#114462&#8243; use_icon_font_size=&raquo;on&raquo; icon_font_size=&raquo;28px&raquo; open_icon_color=&raquo;#114462&#8243; open_use_icon_font_size=&raquo;on&raquo; open_icon_font_size=&raquo;28px&raquo; module_class=&raquo;custom-icon artikkelside-text faktaboks-dropdown&raquo; _builder_version=&raquo;4.27.4&#8243; _module_preset=&raquo;default&raquo; title_level=&raquo;h3&#8243; title_font=&raquo;|700|||||||&raquo; body_text_color=&raquo;#2b2e34&#8243; background_color=&raquo;#ffffff&raquo; custom_padding=&raquo;||20px||false|false&raquo; hover_enabled=&raquo;0&#8243; global_colors_info=&raquo;{}&raquo; open_toggle_text_color__hover_enabled=&raquo;on|hover&raquo; open_toggle_text_color__hover=&raquo;#0D739C&raquo; title_text_color__hover_enabled=&raquo;on|hover&raquo; title_text_color__hover=&raquo;#0D739C&raquo; closed_toggle_text_color__hover_enabled=&raquo;on|hover&raquo; closed_toggle_text_color__hover=&raquo;#0D739C&raquo; sticky_enabled=&raquo;0&#8243;]<p>Registrer en s\u00f8knad i <a href=\"https:\/\/udi.no\/min-side\" target=\"_blank\" rel=\"noopener\">UDI sin S\u00f8knadsportal<\/a>, velg Bergen som oppm\u00f8tested og betal gebyret.<\/p>\n<p>Fyll ut skjemaet <a href=\"https:\/\/www.sua.no\/wp-content\/uploads\/2025\/10\/Digital-soknadsinnlevering-Bergen-2025.pdf\" target=\"_blank\" rel=\"noopener\">Digital s\u00f8knadsinnlevering \u2013 fullmektig<\/a> og send til <a href=\"mailto:bergen.sua.utle@politiet.no\">bergen.sua.utle@politiet.no<\/a>. Skriv &laquo;FUF\/Utlendingseksjonen &#8211; S\u00f8knad om arbeidstillatelse uten personlig oppm\u00f8te&raquo; i emnefeltet.<\/p>[\/et_pb_toggle][et_pb_code _builder_version=&raquo;4.16&#8243; _module_preset=&raquo;default&raquo; global_colors_info=&raquo;{}&raquo;]<style><!-- [et_pb_line_break_holder] -->  .custom-icon .et_pb_toggle_title:before {<!-- [et_pb_line_break_holder] -->    content: \"\\33\";<!-- [et_pb_line_break_holder] -->  \ttransition: all .3s ease-in-out;<!-- [et_pb_line_break_holder] -->  }<!-- [et_pb_line_break_holder] -->  .custom-icon.et_pb_toggle_open .et_pb_toggle_title:before {<!-- [et_pb_line_break_holder] -->   content: \"\\33\";<!-- [et_pb_line_break_holder] -->    transform: rotate(180deg)<!-- [et_pb_line_break_holder] -->  }<!-- [et_pb_line_break_holder] --><\/style>[\/et_pb_code][\/et_pb_column][\/et_pb_row][et_pb_row custom_padding_last_edited=&raquo;on|phone&raquo; module_class=&raquo;artikkelside-column&raquo; _builder_version=&raquo;4.27.4&#8243; _module_preset=&raquo;default&raquo; width_tablet=&raquo;&raquo; width_phone=&raquo;100%&raquo; width_last_edited=&raquo;on|phone&raquo; max_width=&raquo;550px&raquo; custom_margin=&raquo;||||false|false&raquo; custom_padding=&raquo;0px||0px||false|false&raquo; custom_padding_tablet=&raquo;&raquo; custom_padding_phone=&raquo;|16px||16px|false|false&raquo; global_colors_info=&raquo;{}&raquo;][et_pb_column type=&raquo;4_4&#8243; _builder_version=&raquo;4.16&#8243; _module_preset=&raquo;default&raquo; global_colors_info=&raquo;{}&raquo;][et_pb_toggle title=&raquo;Slik s\u00f8ker du om oppholdstillatelse i Trondheim&raquo; icon_color=&raquo;#114462&#8243; use_icon_font_size=&raquo;on&raquo; icon_font_size=&raquo;28px&raquo; open_icon_color=&raquo;#114462&#8243; open_use_icon_font_size=&raquo;on&raquo; open_icon_font_size=&raquo;28px&raquo; module_class=&raquo;custom-icon artikkelside-text faktaboks-dropdown&raquo; _builder_version=&raquo;4.27.4&#8243; _module_preset=&raquo;default&raquo; title_level=&raquo;h3&#8243; title_font=&raquo;|700|||||||&raquo; body_text_color=&raquo;#2b2e34&#8243; background_color=&raquo;#ffffff&raquo; custom_padding=&raquo;||20px||false|false&raquo; hover_enabled=&raquo;0&#8243; global_colors_info=&raquo;{}&raquo; open_toggle_text_color__hover_enabled=&raquo;on|hover&raquo; open_toggle_text_color__hover=&raquo;#0D739C&raquo; title_text_color__hover_enabled=&raquo;on|hover&raquo; title_text_color__hover=&raquo;#0D739C&raquo; closed_toggle_text_color__hover_enabled=&raquo;on|hover&raquo; closed_toggle_text_color__hover=&raquo;#0D739C&raquo; sticky_enabled=&raquo;0&#8243;]<p>Registrer en s\u00f8knad i <a href=\"https:\/\/udi.no\/min-side\" target=\"_blank\" rel=\"noopener\">UDI sin S\u00f8knadsportal<\/a>, velg Trondheim som oppm\u00f8tested og betal gebyret.<\/p>\n<p>Fyll ut skjemaet <a href=\"https:\/\/www.sua.no\/wp-content\/uploads\/2025\/10\/Digital-soknadsinnlevering-Trondheim-2025.pdf\" target=\"_blank\" rel=\"noopener\">Digital s\u00f8knadsinnlevering \u2013 fullmektig<\/a> og send til <a href=\"mailto:sua.trondheim@politiet.no\">sua.trondheim@politiet.no<\/a>.<\/p>[\/et_pb_toggle][et_pb_code _builder_version=&raquo;4.16&#8243; _module_preset=&raquo;default&raquo; global_colors_info=&raquo;{}&raquo;]<style><!-- [et_pb_line_break_holder] -->  .custom-icon .et_pb_toggle_title:before {<!-- [et_pb_line_break_holder] -->    content: \"\\33\";<!-- [et_pb_line_break_holder] -->  \ttransition: all .3s ease-in-out;<!-- [et_pb_line_break_holder] -->  }<!-- [et_pb_line_break_holder] -->  .custom-icon.et_pb_toggle_open .et_pb_toggle_title:before {<!-- [et_pb_line_break_holder] -->   content: \"\\33\";<!-- [et_pb_line_break_holder] -->    transform: rotate(180deg)<!-- [et_pb_line_break_holder] -->  }<!-- [et_pb_line_break_holder] --><\/style>[\/et_pb_code][\/et_pb_column][\/et_pb_row][et_pb_row custom_padding_last_edited=&raquo;on|phone&raquo; module_class=&raquo;artikkelside-column&raquo; _builder_version=&raquo;4.27.4&#8243; _module_preset=&raquo;default&raquo; width_tablet=&raquo;&raquo; width_phone=&raquo;100%&raquo; width_last_edited=&raquo;on|phone&raquo; max_width=&raquo;550px&raquo; custom_margin=&raquo;||||false|false&raquo; custom_padding=&raquo;0px||0px||false|false&raquo; custom_padding_tablet=&raquo;&raquo; custom_padding_phone=&raquo;|16px||16px|false|false&raquo; global_colors_info=&raquo;{}&raquo;][et_pb_column type=&raquo;4_4&#8243; _builder_version=&raquo;4.16&#8243; _module_preset=&raquo;default&raquo; global_colors_info=&raquo;{}&raquo;][et_pb_toggle title=&raquo;Slik s\u00f8ker du om oppholdstillatelse i Kirkenes&raquo; icon_color=&raquo;#114462&#8243; use_icon_font_size=&raquo;on&raquo; icon_font_size=&raquo;28px&raquo; open_icon_color=&raquo;#114462&#8243; open_use_icon_font_size=&raquo;on&raquo; open_icon_font_size=&raquo;28px&raquo; module_class=&raquo;custom-icon artikkelside-text faktaboks-dropdown&raquo; _builder_version=&raquo;4.27.4&#8243; _module_preset=&raquo;default&raquo; title_level=&raquo;h3&#8243; title_font=&raquo;|700|||||||&raquo; body_text_color=&raquo;#2b2e34&#8243; background_color=&raquo;#ffffff&raquo; custom_padding=&raquo;||20px||false|false&raquo; hover_enabled=&raquo;0&#8243; global_colors_info=&raquo;{}&raquo; open_toggle_text_color__hover_enabled=&raquo;on|hover&raquo; open_toggle_text_color__hover=&raquo;#0D739C&raquo; title_text_color__hover_enabled=&raquo;on|hover&raquo; title_text_color__hover=&raquo;#0D739C&raquo; closed_toggle_text_color__hover_enabled=&raquo;on|hover&raquo; closed_toggle_text_color__hover=&raquo;#0D739C&raquo; sticky_enabled=&raquo;0&#8243;]<p>Registrer en s\u00f8knad i <a href=\"https:\/\/udi.no\/min-side\" target=\"_blank\" rel=\"noopener\">UDI sin S\u00f8knadsportal<\/a>, velg Kirkenes som oppm\u00f8tested og betal gebyret.<\/p>\n<p>Fyll ut skjemaet <a href=\"https:\/\/www.sua.no\/wp-content\/uploads\/2025\/10\/Digital-soknadsinnlevering-Kirkenes-2025.pdf\" target=\"_blank\" rel=\"noopener\">Digital s\u00f8knadsinnlevering \u2013 fullmektig<\/a> og send til <a href=\"mailto:finnmark.utlending@politiet.no\">finnmark.utlending@politiet.no<\/a>.<\/p>[\/et_pb_toggle][et_pb_code _builder_version=&raquo;4.16&#8243; _module_preset=&raquo;default&raquo; global_colors_info=&raquo;{}&raquo;]<style><!-- [et_pb_line_break_holder] -->  .custom-icon .et_pb_toggle_title:before {<!-- [et_pb_line_break_holder] -->    content: \"\\33\";<!-- [et_pb_line_break_holder] -->  \ttransition: all .3s ease-in-out;<!-- [et_pb_line_break_holder] -->  }<!-- [et_pb_line_break_holder] -->  .custom-icon.et_pb_toggle_open .et_pb_toggle_title:before {<!-- [et_pb_line_break_holder] -->   content: \"\\33\";<!-- [et_pb_line_break_holder] -->    transform: rotate(180deg)<!-- [et_pb_line_break_holder] -->  }<!-- [et_pb_line_break_holder] --><\/style>[\/et_pb_code][\/et_pb_column][\/et_pb_row][et_pb_row custom_padding_last_edited=&raquo;on|phone&raquo; module_class=&raquo;artikkelside-column&raquo; _builder_version=&raquo;4.27.4&#8243; _module_preset=&raquo;default&raquo; width=&raquo;100%&raquo; max_width=&raquo;550px&raquo; custom_margin=&raquo;|auto|2px|auto||&raquo; custom_padding_tablet=&raquo;0px|16px|12px|16px|false|false&raquo; custom_padding_phone=&raquo;|16px||16px|false|false&raquo; global_colors_info=&raquo;{}&raquo;][et_pb_column type=&raquo;4_4&#8243; _builder_version=&raquo;4.16&#8243; _module_preset=&raquo;default&raquo; global_colors_info=&raquo;{}&raquo;][et_pb_text module_class=&raquo;artikkelside-text &raquo; _builder_version=&raquo;4.27.4&#8243; _module_preset=&raquo;default&raquo; text_line_height=&raquo;1.5em&raquo; header_3_font=&raquo;|700|||||||&raquo; header_3_line_height=&raquo;1.2em&raquo; custom_margin_tablet=&raquo;4px||4px||false|false&raquo; custom_margin_phone=&raquo;0px||0px||false|false&raquo; custom_margin_last_edited=&raquo;on|phone&raquo; custom_padding=&raquo;8px||12px||false|false&raquo; custom_padding_tablet=&raquo;&raquo; custom_padding_phone=&raquo;8px||12px||false|false&raquo; custom_padding_last_edited=&raquo;on|phone&raquo; header_3_font_size_tablet=&raquo;&raquo; header_3_font_size_phone=&raquo;20px&raquo; header_3_font_size_last_edited=&raquo;on|phone&raquo; global_colors_info=&raquo;{}&raquo;]<h2>S\u00f8k om skattekort<\/h2>\nDu kan <a href=\"https:\/\/www.skatteetaten.no\/skjema\/skattekort-pa-vegne-av-utenlandsk-arbeidstaker\/\" target=\"_blank\" rel=\"noopener noreferrer\">s\u00f8ke om skattekort for arbeidstakeren din<\/a> p\u00e5 nett. I de fleste tilfeller m\u00e5 arbeidstakeren bestille time hos Skatteetaten p\u00e5 SUA for ID-kontroll.[\/et_pb_text][et_pb_text module_class=&raquo;artikkelside-text &raquo; _builder_version=&raquo;4.27.4&#8243; _module_preset=&raquo;default&raquo; text_font_size=&raquo;18px&raquo; text_line_height=&raquo;1.5em&raquo; header_3_font=&raquo;|700|||||||&raquo; header_3_line_height=&raquo;1.2em&raquo; custom_margin_tablet=&raquo;4px||4px||false|false&raquo; custom_margin_phone=&raquo;0px||0px||false|false&raquo; custom_margin_last_edited=&raquo;on|phone&raquo; custom_padding=&raquo;8px||12px||false|false&raquo; custom_padding_tablet=&raquo;&raquo; custom_padding_phone=&raquo;8px||12px||false|false&raquo; custom_padding_last_edited=&raquo;on|phone&raquo; header_3_font_size_tablet=&raquo;&raquo; header_3_font_size_phone=&raquo;20px&raquo; header_3_font_size_last_edited=&raquo;on|phone&raquo; global_colors_info=&raquo;{}&raquo;]<h2>Bestill time p\u00e5 SUA<\/h2>\nDu kan hjelpe arbeidstakeren din med \u00e5 <a href=\"\/bestill-time\/\"> bestille time<\/a>\u00a0hos politiet eller hos Skatteetaten p\u00e5 SUA. Husk \u00e5 s\u00f8rge for at de har fylt ut skjemaer p\u00e5 forh\u00e5nd og har med seg dokumentasjonen de trenger.[\/et_pb_text][et_pb_text module_class=&raquo;artikkelside-text&raquo; _builder_version=&raquo;4.27.4&#8243; _module_preset=&raquo;default&raquo; text_line_height=&raquo;1.5em&raquo; header_3_font=&raquo;|700|||||||&raquo; header_3_line_height=&raquo;1.2em&raquo; custom_margin_tablet=&raquo;4px||4px||false|false&raquo; custom_margin_phone=&raquo;0px||0px||false|false&raquo; custom_margin_last_edited=&raquo;on|phone&raquo; custom_padding=&raquo;8px||12px||false|false&raquo; custom_padding_tablet=&raquo;&raquo; custom_padding_phone=&raquo;8px||12px||false|false&raquo; custom_padding_last_edited=&raquo;on|phone&raquo; header_3_font_size_tablet=&raquo;&raquo; header_3_font_size_phone=&raquo;20px&raquo; header_3_font_size_last_edited=&raquo;on|phone&raquo; global_colors_info=&raquo;{}&raquo;]<h2>Informer arbeidstakere om at de m\u00e5 melde flytting hvis de skal v\u00e6re i Norge over 6 m\u00e5neder<\/h2>\nHvis arbeidstakeren din skal oppholde seg i Norge mer enn 6 m\u00e5neder, m\u00e5 han eller hun m\u00f8te opp hos Skatteetaten for \u00e5 melde flytting. N\u00e5r du hjelper arbeidstakeren med \u00e5 bestille time p\u00e5 SUA, haker dere da av for at arbeidstakeren b\u00e5de skal melde flytting og s\u00f8ke om skattekort.[\/et_pb_text][et_pb_text module_class=&raquo;artikkelside-text &raquo; _builder_version=&raquo;4.27.4&#8243; _module_preset=&raquo;default&raquo; text_line_height=&raquo;1.5em&raquo; header_3_font=&raquo;|700|||||||&raquo; header_3_line_height=&raquo;1.2em&raquo; custom_margin_tablet=&raquo;4px||4px||false|false&raquo; custom_margin_phone=&raquo;0px||0px||false|false&raquo; custom_margin_last_edited=&raquo;on|phone&raquo; custom_padding=&raquo;8px||12px||false|false&raquo; custom_padding_tablet=&raquo;&raquo; custom_padding_phone=&raquo;8px||12px||false|false&raquo; custom_padding_last_edited=&raquo;on|phone&raquo; header_3_font_size_tablet=&raquo;&raquo; header_3_font_size_phone=&raquo;20px&raquo; header_3_font_size_last_edited=&raquo;on|phone&raquo; global_colors_info=&raquo;{}&raquo;]<h2>Informer om kildeskatt p\u00e5 l\u00f8nn<\/h2>\n<p>\nDe fleste nye utenlandske arbeidstakere i Norge blir automatisk med i en ordning som kalles <a href=\"https:\/\/www.skatteetaten.no\/bedrift-og-organisasjon\/arbeidsgiver\/skattekort-og-skattetrekk\/kildeskatt-pa-lonn\/\" target=\"_blank\" rel=\"noopener noreferrer\">kildeskatt p\u00e5 l\u00f8nn<\/a>. Det vil si at de skal betale en fast prosent skatt, som du trekker av l\u00f8nnen deres. Hvis arbeidstakeren ikke \u00f8nsker \u00e5 bli skattlagt etter kildeskatt p\u00e5 l\u00f8nn, kan de velge \u00e5 bli skattlagt etter ordin\u00e6re regler i stedet. Det er viktig at arbeidstakeren setter seg inn i hva som l\u00f8nner seg i sitt tilfelle.\n\nHvis arbeidstakeren selv s\u00f8ker om skattekort, kan han eller hun velge seg ut da. Hvis du s\u00f8ker om skattekort for arbeidstakeren, kan arbeidstakeren velge seg ut ved \u00e5 endre skattekortet sitt. Det er ikke mulig \u00e5 bli med i ordningen igjen for dette inntekts\u00e5ret.\n<\/p>[\/et_pb_text][\/et_pb_column][\/et_pb_row][et_pb_row module_class=&raquo;faktaboks artikkelside-column&raquo; _builder_version=&raquo;4.27.4&#8243; _module_preset=&raquo;default&raquo; width=&raquo;100%&raquo; width_tablet=&raquo;96%&raquo; width_phone=&raquo;92%&raquo; width_last_edited=&raquo;on|phone&raquo; custom_margin_tablet=&raquo;|16px||16px|false|false&raquo; custom_margin_phone=&raquo;&raquo; custom_margin_last_edited=&raquo;on|phone&raquo; border_color_all=&raquo;#cde9f4&#8243; global_colors_info=&raquo;{}&raquo;][et_pb_column type=&raquo;4_4&#8243; _builder_version=&raquo;4.16&#8243; _module_preset=&raquo;default&raquo; global_colors_info=&raquo;{}&raquo;][et_pb_text module_class=&raquo;artikkelside-text&raquo; _builder_version=&raquo;4.27.4&#8243; _module_preset=&raquo;default&raquo; header_3_font=&raquo;|700|||||||&raquo; header_3_line_height=&raquo;1.2em&raquo; module_alignment=&raquo;center&raquo; custom_padding=&raquo;||||false|false&raquo; header_3_font_size_tablet=&raquo;&raquo; header_3_font_size_phone=&raquo;20px&raquo; header_3_font_size_last_edited=&raquo;on|phone&raquo; locked=&raquo;off&raquo; global_colors_info=&raquo;{}&raquo;]<h2>Husk pliktene dine som arbeidsgiver<\/h2>[\/et_pb_text][et_pb_text module_class=&raquo;artikkelside-text&raquo; _builder_version=&raquo;4.27.4&#8243; _module_preset=&raquo;default&raquo; max_width=&raquo;550px&raquo; module_alignment=&raquo;center&raquo; locked=&raquo;off&raquo; global_colors_info=&raquo;{}&raquo;]<p style=\"text-align: left;\">Utenlandske arbeidstakere har de samme rettighetene som norske arbeidstakere. Som arbeidsgiver, m\u00e5 du blant annet betale riktig l\u00f8nn, sette opp skriftlige arbeidsavtaler og sikre et trygt arbeidsmilj\u00f8 for de ansatte. Du m\u00e5 ogs\u00e5 huske \u00e5 <a href=\"https:\/\/www.skatteetaten.no\/bedrift-og-organisasjon\/arbeidsgiver\/a-meldingen\/\" target=\"_blank\" rel=\"noopener noreferrer\">sende inn a-melding<\/a> og <a href=\"https:\/\/www.skatteetaten.no\/bedrift-og-organisasjon\/arbeidsgiver\/skattekort-og-skattetrekk\/forskuddstrekk\/\" target=\"_blank\" rel=\"noopener noreferrer\">trekke og betale inn skatt fra ansattes l\u00f8nn<\/a>.<\/p>\n<p>Se en <a href=\"https:\/\/www.skatteetaten.no\/bedrift-og-organisasjon\/arbeidsgiver\/\" target=\"_blank\" rel=\"noopener noreferrer\">oversikt over pliktene dine<\/a>.<\/p>[\/et_pb_text][\/et_pb_column][\/et_pb_row][et_pb_row _builder_version=&raquo;4.27.4&#8243; _module_preset=&raquo;default&raquo; global_colors_info=&raquo;{}&raquo;][et_pb_column type=&raquo;4_4&#8243; _builder_version=&raquo;4.27.4&#8243; _module_preset=&raquo;default&raquo; global_colors_info=&raquo;{}&raquo;][et_pb_code module_class=&raquo;post_dates&raquo; _builder_version=&raquo;4.27.4&#8243; _module_preset=&raquo;default&raquo; global_colors_info=&raquo;{}&raquo;]Publisert: 15.10.2020&nbsp;&nbsp;&nbsp;<span style=\"white-space: nowrap;\">Sist endret: 31.10.2025<\/span>[\/et_pb_code][\/et_pb_column][\/et_pb_row][\/et_pb_section]\n","protected":false},"excerpt":{"rendered":"<p><span><span><a href=\"https:\/\/www.sua.no\/\">Forside<\/a><\/span><\/span>Slik kan du hjelpe de utenlandske arbeidstakerne dineDet kan v\u00e6re vanskelig for utenlandske arbeidstakere \u00e5 forst\u00e5 hva de m\u00e5 gj\u00f8re for \u00e5 kunne jobbe i Norge. Som arbeidsgiver kan du v\u00e6re en god st\u00f8ttespiller.S\u00f8k om oppholdstillatelse I Oslo, Stavanger, Bergen Trondheim og Kirkenes kan du s\u00f8ke om oppholdstillatelse digitalt for arbeidstakere fra land utenfor EU\/E\u00d8S. [&hellip;]<\/p>\n","protected":false},"author":15,"featured_media":0,"parent":0,"menu_order":0,"comment_status":"closed","ping_status":"closed","template":"","meta":{"_et_pb_use_builder":"on","_et_pb_old_content":"","_et_gb_content_width":"","footnotes":""},"class_list":["post-326","page","type-page","status-publish","hentry"],"yoast_head":"<!-- This site is optimized with the Yoast SEO plugin v27.2 - https:\/\/yoast.com\/product\/yoast-seo-wordpress\/ -->\n<title>Har du utenlandske arbeidstakere? Dette m\u00e5 du gj\u00f8re | SUA<\/title>\n<meta name=\"description\" content=\"Som arbeidsgiver kan du hjelpe utenlandske arbeidstakere raskt i gang med arbeidet. Du kan blant annet s\u00f8ke om skattekort p\u00e5 deres vegne.\" \/>\n<meta name=\"robots\" content=\"index, follow, max-snippet:-1, max-image-preview:large, max-video-preview:-1\" \/>\n<link rel=\"canonical\" href=\"https:\/\/www.sua.no\/pl\/informacje-dla-pracodawcow\/\" \/>\n<meta property=\"og:locale\" content=\"pl_PL\" \/>\n<meta property=\"og:type\" content=\"article\" \/>\n<meta property=\"og:title\" content=\"Har du utenlandske arbeidstakere? Dette m\u00e5 du gj\u00f8re\" \/>\n<meta property=\"og:description\" content=\"Som arbeidsgiver kan du hjelpe utenlandske arbeidstakere raskt i gang med arbeidet. Du kan blant annet s\u00f8ke om skattekort p\u00e5 deres vegne.\" \/>\n<meta property=\"og:url\" content=\"https:\/\/www.sua.no\/pl\/informacje-dla-pracodawcow\/\" \/>\n<meta property=\"og:site_name\" content=\"SUA\" \/>\n<meta property=\"article:modified_time\" content=\"2025-10-31T11:10:14+00:00\" \/>\n<meta property=\"og:image\" content=\"https:\/\/www.sua.no\/wp-content\/uploads\/2025\/03\/Bilde-til-banner-forside-scaled.jpg\" \/>\n\t<meta property=\"og:image:width\" content=\"2560\" \/>\n\t<meta property=\"og:image:height\" content=\"1707\" \/>\n\t<meta property=\"og:image:type\" content=\"image\/jpeg\" \/>\n<meta name=\"twitter:card\" content=\"summary_large_image\" \/>\n<meta name=\"twitter:image\" content=\"https:\/\/www.sua.no\/wp-content\/uploads\/2025\/03\/Bilde-til-banner-forside-scaled.jpg\" \/>\n<meta name=\"twitter:label1\" content=\"Szacowany czas czytania\" \/>\n\t<meta name=\"twitter:data1\" content=\"4 minuty\" \/>\n<script type=\"application\/ld+json\" class=\"yoast-schema-graph\">{\"@context\":\"https:\/\/schema.org\",\"@graph\":[{\"@type\":\"WebPage\",\"@id\":\"https:\/\/www.sua.no\/informasjon-til-arbeidsgivere\/\",\"url\":\"https:\/\/www.sua.no\/informasjon-til-arbeidsgivere\/\",\"name\":\"Har du utenlandske arbeidstakere? Dette m\u00e5 du gj\u00f8re | SUA\",\"isPartOf\":{\"@id\":\"https:\/\/www.sua.no\/en\/#website\"},\"datePublished\":\"2020-10-15T11:14:34+00:00\",\"dateModified\":\"2025-10-31T11:10:14+00:00\",\"description\":\"Som arbeidsgiver kan du hjelpe utenlandske arbeidstakere raskt i gang med arbeidet. Du kan blant annet s\u00f8ke om skattekort p\u00e5 deres vegne.\",\"breadcrumb\":{\"@id\":\"https:\/\/www.sua.no\/informasjon-til-arbeidsgivere\/#breadcrumb\"},\"inLanguage\":\"pl-PL\",\"potentialAction\":[{\"@type\":\"ReadAction\",\"target\":[\"https:\/\/www.sua.no\/informasjon-til-arbeidsgivere\/\"]}]},{\"@type\":\"BreadcrumbList\",\"@id\":\"https:\/\/www.sua.no\/informasjon-til-arbeidsgivere\/#breadcrumb\",\"itemListElement\":[{\"@type\":\"ListItem\",\"position\":1,\"name\":\"Forside\",\"item\":\"https:\/\/www.sua.no\/\"},{\"@type\":\"ListItem\",\"position\":2,\"name\":\"Informasjon til arbeidsgivere\"}]},{\"@type\":\"WebSite\",\"@id\":\"https:\/\/www.sua.no\/en\/#website\",\"url\":\"https:\/\/www.sua.no\/en\/\",\"name\":\"SUA\",\"description\":\"Servicesenter for utenlandske arbeidstakere\",\"publisher\":{\"@id\":\"https:\/\/www.sua.no\/en\/#organization\"},\"potentialAction\":[{\"@type\":\"SearchAction\",\"target\":{\"@type\":\"EntryPoint\",\"urlTemplate\":\"https:\/\/www.sua.no\/en\/?s={search_term_string}\"},\"query-input\":{\"@type\":\"PropertyValueSpecification\",\"valueRequired\":true,\"valueName\":\"search_term_string\"}}],\"inLanguage\":\"pl-PL\"},{\"@type\":\"Organization\",\"@id\":\"https:\/\/www.sua.no\/en\/#organization\",\"name\":\"Servicesenter for utenlandske arbeidstakere\",\"url\":\"https:\/\/www.sua.no\/en\/\",\"logo\":{\"@type\":\"ImageObject\",\"inLanguage\":\"pl-PL\",\"@id\":\"https:\/\/www.sua.no\/en\/#\/schema\/logo\/image\/\",\"url\":\"https:\/\/www.sua.no\/wp-content\/uploads\/2021\/04\/SUA-logo-NO-uten-luft-1.png\",\"contentUrl\":\"https:\/\/www.sua.no\/wp-content\/uploads\/2021\/04\/SUA-logo-NO-uten-luft-1.png\",\"width\":541,\"height\":119,\"caption\":\"Servicesenter for utenlandske arbeidstakere\"},\"image\":{\"@id\":\"https:\/\/www.sua.no\/en\/#\/schema\/logo\/image\/\"}}]}<\/script>\n<!-- \/ Yoast SEO plugin. -->","yoast_head_json":{"title":"Masz pracownik\u00f3w zagranicznych? To musisz zrobi\u0107 | SUA","description":"Jako pracodawca mo\u017cesz pom\u00f3c pracownikom zagranicznym w szybkim rozpocz\u0119ciu pracy. Mo\u017cesz m.in. z\u0142o\u017cy\u0107 podanie o kart\u0119 podatkow\u0105 w ich imieniu.","robots":{"index":"index","follow":"follow","max-snippet":"max-snippet:-1","max-image-preview":"max-image-preview:large","max-video-preview":"max-video-preview:-1"},"canonical":"https:\/\/www.sua.no\/pl\/informacje-dla-pracodawcow\/","og_locale":"pl_PL","og_type":"article","og_title":"Har du utenlandske arbeidstakere? Dette m\u00e5 du gj\u00f8re","og_description":"Som arbeidsgiver kan du hjelpe utenlandske arbeidstakere raskt i gang med arbeidet. Du kan blant annet s\u00f8ke om skattekort p\u00e5 deres vegne.","og_url":"https:\/\/www.sua.no\/pl\/informacje-dla-pracodawcow\/","og_site_name":"SUA","article_modified_time":"2025-10-31T11:10:14+00:00","og_image":[{"width":2560,"height":1707,"url":"https:\/\/www.sua.no\/wp-content\/uploads\/2025\/03\/Bilde-til-banner-forside-scaled.jpg","type":"image\/jpeg"}],"twitter_card":"summary_large_image","twitter_image":"https:\/\/www.sua.no\/wp-content\/uploads\/2025\/03\/Bilde-til-banner-forside-scaled.jpg","twitter_misc":{"Szacowany czas czytania":"4 minuty"},"schema":{"@context":"https:\/\/schema.org","@graph":[{"@type":"WebPage","@id":"https:\/\/www.sua.no\/informasjon-til-arbeidsgivere\/","url":"https:\/\/www.sua.no\/informasjon-til-arbeidsgivere\/","name":"Masz pracownik\u00f3w zagranicznych? To musisz zrobi\u0107 | SUA","isPartOf":{"@id":"https:\/\/www.sua.no\/en\/#website"},"datePublished":"2020-10-15T11:14:34+00:00","dateModified":"2025-10-31T11:10:14+00:00","description":"Jako pracodawca mo\u017cesz pom\u00f3c pracownikom zagranicznym w szybkim rozpocz\u0119ciu pracy. Mo\u017cesz m.in. z\u0142o\u017cy\u0107 podanie o kart\u0119 podatkow\u0105 w ich imieniu.","breadcrumb":{"@id":"https:\/\/www.sua.no\/informasjon-til-arbeidsgivere\/#breadcrumb"},"inLanguage":"pl-PL","potentialAction":[{"@type":"ReadAction","target":["https:\/\/www.sua.no\/informasjon-til-arbeidsgivere\/"]}]},{"@type":"BreadcrumbList","@id":"https:\/\/www.sua.no\/informasjon-til-arbeidsgivere\/#breadcrumb","itemListElement":[{"@type":"ListItem","position":1,"name":"Forside","item":"https:\/\/www.sua.no\/"},{"@type":"ListItem","position":2,"name":"Informasjon til arbeidsgivere"}]},{"@type":"WebSite","@id":"https:\/\/www.sua.no\/en\/#website","url":"https:\/\/www.sua.no\/en\/","name":"SUA","description":"Servicesenter for utenlandske arbeidstakere","publisher":{"@id":"https:\/\/www.sua.no\/en\/#organization"},"potentialAction":[{"@type":"SearchAction","target":{"@type":"EntryPoint","urlTemplate":"https:\/\/www.sua.no\/en\/?s={search_term_string}"},"query-input":{"@type":"PropertyValueSpecification","valueRequired":true,"valueName":"search_term_string"}}],"inLanguage":"pl-PL"},{"@type":"Organization","@id":"https:\/\/www.sua.no\/en\/#organization","name":"Servicesenter for utenlandske arbeidstakere","url":"https:\/\/www.sua.no\/en\/","logo":{"@type":"ImageObject","inLanguage":"pl-PL","@id":"https:\/\/www.sua.no\/en\/#\/schema\/logo\/image\/","url":"https:\/\/www.sua.no\/wp-content\/uploads\/2021\/04\/SUA-logo-NO-uten-luft-1.png","contentUrl":"https:\/\/www.sua.no\/wp-content\/uploads\/2021\/04\/SUA-logo-NO-uten-luft-1.png","width":541,"height":119,"caption":"Servicesenter for utenlandske arbeidstakere"},"image":{"@id":"https:\/\/www.sua.no\/en\/#\/schema\/logo\/image\/"}}]}},"_links":{"self":[{"href":"https:\/\/www.sua.no\/pl\/wp-json\/wp\/v2\/pages\/326","targetHints":{"allow":["GET"]}}],"collection":[{"href":"https:\/\/www.sua.no\/pl\/wp-json\/wp\/v2\/pages"}],"about":[{"href":"https:\/\/www.sua.no\/pl\/wp-json\/wp\/v2\/types\/page"}],"author":[{"embeddable":true,"href":"https:\/\/www.sua.no\/pl\/wp-json\/wp\/v2\/users\/15"}],"replies":[{"embeddable":true,"href":"https:\/\/www.sua.no\/pl\/wp-json\/wp\/v2\/comments?post=326"}],"version-history":[{"count":129,"href":"https:\/\/www.sua.no\/pl\/wp-json\/wp\/v2\/pages\/326\/revisions"}],"predecessor-version":[{"id":8490,"href":"https:\/\/www.sua.no\/pl\/wp-json\/wp\/v2\/pages\/326\/revisions\/8490"}],"wp:attachment":[{"href":"https:\/\/www.sua.no\/pl\/wp-json\/wp\/v2\/media?parent=326"}],"curies":[{"name":"wp","href":"https:\/\/api.w.org\/{rel}","templated":true}]}}